{"id":446,"date":"2021-08-28T21:33:54","date_gmt":"2021-08-28T19:33:54","guid":{"rendered":"http:\/\/enlcmdy.cluster031.hosting.ovh.net\/?page_id=446"},"modified":"2025-06-04T12:15:02","modified_gmt":"2025-06-04T10:15:02","slug":"actualites-mithieux","status":"publish","type":"page","link":"https:\/\/www.mithieux.fr\/en\/actualites-mithieux\/","title":{"rendered":"04 &#8211; Actualit\u00e9s"},"content":{"rendered":"\t\t<div data-elementor-type=\"wp-page\" data-elementor-id=\"446\" class=\"elementor elementor-446\" data-elementor-post-type=\"page\">\n\t\t\t\t\t\t<section class=\"elementor-section elementor-top-section elementor-element elementor-element-79e1657 elementor-section-full_width elementor-section-height-min-height elementor-section-height-default elementor-section-items-middle\" data-id=\"79e1657\" data-element_type=\"section\" data-e-type=\"section\" data-settings=\"{&quot;background_background&quot;:&quot;classic&quot;,&quot;background_motion_fx_motion_fx_scrolling&quot;:&quot;yes&quot;,&quot;background_motion_fx_translateY_effect&quot;:&quot;yes&quot;,&quot;background_motion_fx_translateY_speed&quot;:{&quot;unit&quot;:&quot;px&quot;,&quot;size&quot;:4,&quot;sizes&quot;:[]},&quot;background_motion_fx_translateY_affectedRange&quot;:{&quot;unit&quot;:&quot;%&quot;,&quot;size&quot;:&quot;&quot;,&quot;sizes&quot;:{&quot;start&quot;:0,&quot;end&quot;:100}},&quot;background_motion_fx_devices&quot;:[&quot;desktop&quot;,&quot;tablet&quot;,&quot;mobile&quot;]}\">\n\t\t\t\t\t\t\t<div class=\"elementor-background-overlay\"><\/div>\n\t\t\t\t\t\t\t<div class=\"elementor-container elementor-column-gap-default\">\n\t\t\t\t\t<div class=\"elementor-column elementor-col-100 elementor-top-column elementor-element elementor-element-152f721\" data-id=\"152f721\" data-element_type=\"column\" data-e-type=\"column\">\n\t\t\t<div class=\"elementor-widget-wrap elementor-element-populated\">\n\t\t\t\t\t\t<div class=\"elementor-element elementor-element-5e73c40 elementor-widget elementor-widget-spacer\" data-id=\"5e73c40\" data-element_type=\"widget\" data-e-type=\"widget\" data-widget_type=\"spacer.default\">\n\t\t\t\t<div class=\"elementor-widget-container\">\n\t\t\t\t\t\t\t<div class=\"elementor-spacer\">\n\t\t\t<div class=\"elementor-spacer-inner\"><\/div>\n\t\t<\/div>\n\t\t\t\t\t\t<\/div>\n\t\t\t\t<\/div>\n\t\t\t\t<div class=\"elementor-element elementor-element-3801230 elementor-widget elementor-widget-heading\" data-id=\"3801230\" data-element_type=\"widget\" data-e-type=\"widget\" data-widget_type=\"heading.default\">\n\t\t\t\t<div class=\"elementor-widget-container\">\n\t\t\t\t\t<p class=\"elementor-heading-title elementor-size-default\">Les nouvelles de l'entreprise et du march\u00e9<\/p>\t\t\t\t<\/div>\n\t\t\t\t<\/div>\n\t\t\t\t<div class=\"elementor-element elementor-element-de7a878 elementor-widget elementor-widget-heading\" data-id=\"de7a878\" data-element_type=\"widget\" data-e-type=\"widget\" data-widget_type=\"heading.default\">\n\t\t\t\t<div class=\"elementor-widget-container\">\n\t\t\t\t\t<h1 class=\"elementor-heading-title elementor-size-default\">Les actualit\u00e9s de Mithieux Metal Protect<\/h1>\t\t\t\t<\/div>\n\t\t\t\t<\/div>\n\t\t\t\t<div class=\"elementor-element elementor-element-1e0f424 elementor-view-default elementor-widget elementor-widget-icon\" data-id=\"1e0f424\" data-element_type=\"widget\" data-e-type=\"widget\" data-widget_type=\"icon.default\">\n\t\t\t\t<div class=\"elementor-widget-container\">\n\t\t\t\t\t\t\t<div class=\"elementor-icon-wrapper\">\n\t\t\t<div class=\"elementor-icon\">\n\t\t\t<svg xmlns=\"http:\/\/www.w3.org\/2000\/svg\" width=\"55.638\" height=\"21.464\" viewBox=\"0 0 55.638 21.464\"><g id=\"Groupe_20\" data-name=\"Groupe 20\" transform=\"translate(-931.912 -575.371)\"><g id=\"Groupe_17\" data-name=\"Groupe 17\" transform=\"matrix(0.588, 0.809, -0.809, 0.588, 964.137, 575.371)\"><path id=\"Trac&#xE9;_43\" data-name=\"Trac&#xE9; 43\" d=\"M7.633.187A.325.325,0,0,0,7.369,0a.322.322,0,0,0-.294.132L.062,9.774a.327.327,0,0,0-.025.342L4.884,19.4a.325.325,0,0,0,.261.174h.027a.325.325,0,0,0,.26-.129l6.814-9.021a.326.326,0,0,0,.035-.334Z\" transform=\"translate(0 0)\" fill=\"#51b7c7\"><\/path><\/g><g id=\"Groupe_19\" data-name=\"Groupe 19\" transform=\"matrix(0.588, 0.809, -0.809, 0.588, 980.314, 575.371)\"><path id=\"Trac&#xE9;_43-2\" data-name=\"Trac&#xE9; 43\" d=\"M7.633.187A.325.325,0,0,0,7.369,0a.322.322,0,0,0-.294.132L.062,9.774a.327.327,0,0,0-.025.342L4.884,19.4a.325.325,0,0,0,.261.174h.027a.325.325,0,0,0,.26-.129l6.814-9.021a.326.326,0,0,0,.035-.334Z\" transform=\"translate(0 0)\" fill=\"#51b7c7\"><\/path><\/g><g id=\"Groupe_18\" data-name=\"Groupe 18\" transform=\"matrix(0.588, 0.809, -0.809, 0.588, 947.746, 575.371)\"><path id=\"Trac&#xE9;_43-3\" data-name=\"Trac&#xE9; 43\" d=\"M7.633.187A.325.325,0,0,0,7.369,0a.322.322,0,0,0-.294.132L.062,9.774a.327.327,0,0,0-.025.342L4.884,19.4a.325.325,0,0,0,.261.174h.027a.325.325,0,0,0,.26-.129l6.814-9.021a.326.326,0,0,0,.035-.334Z\" transform=\"translate(0 0)\" fill=\"#51b7c7\"><\/path><\/g><\/g><\/svg>\t\t\t<\/div>\n\t\t<\/div>\n\t\t\t\t\t\t<\/div>\n\t\t\t\t<\/div>\n\t\t\t\t<div class=\"elementor-element elementor-element-7c4f614 elementor-widget elementor-widget-text-editor\" data-id=\"7c4f614\" data-element_type=\"widget\" data-e-type=\"widget\" data-widget_type=\"text-editor.default\">\n\t\t\t\t<div class=\"elementor-widget-container\">\n\t\t\t\t\t\t\t\t\t<p>Retrouvez toutes les actualit\u00e9s de Mithieux Metal Protect, les \u00e9volutions et innovation du march\u00e9, les nouveaux traitements et services, nos offres d\u2019emploi, la vie de l\u2019entreprise et de nos salari\u00e9s. Et n\u2019h\u00e9sitez pas \u00e0 nous suivre sur <a href=\"https:\/\/www.linkedin.com\/company\/mithieux\/\" target=\"_blank\" rel=\"noopener\">Linkedin<\/a> et <a href=\"https:\/\/www.youtube.com\/channel\/UChf9cdvKy0JyvrcVqSMlPxQ\" target=\"_blank\" rel=\"noopener\">YouTube<\/a> ! Partagez, r\u00e9agissez\u00a0: nous appr\u00e9cions avoir vos retours\u00a0!<\/p>\t\t\t\t\t\t\t\t<\/div>\n\t\t\t\t<\/div>\n\t\t\t\t<div class=\"elementor-element elementor-element-933ff33 elementor-widget elementor-widget-spacer\" data-id=\"933ff33\" data-element_type=\"widget\" data-e-type=\"widget\" data-widget_type=\"spacer.default\">\n\t\t\t\t<div class=\"elementor-widget-container\">\n\t\t\t\t\t\t\t<div class=\"elementor-spacer\">\n\t\t\t<div class=\"elementor-spacer-inner\"><\/div>\n\t\t<\/div>\n\t\t\t\t\t\t<\/div>\n\t\t\t\t<\/div>\n\t\t\t\t\t<\/div>\n\t\t<\/div>\n\t\t\t\t\t<\/div>\n\t\t<\/section>\n\t\t\t\t<section class=\"elementor-section elementor-top-section elementor-element elementor-element-b4c6dc5 elementor-section-boxed elementor-section-height-default elementor-section-height-default\" data-id=\"b4c6dc5\" data-element_type=\"section\" data-e-type=\"section\">\n\t\t\t\t\t\t<div class=\"elementor-container elementor-column-gap-default\">\n\t\t\t\t\t<div class=\"elementor-column elementor-col-100 elementor-top-column elementor-element elementor-element-7f02a51\" data-id=\"7f02a51\" data-element_type=\"column\" data-e-type=\"column\">\n\t\t\t<div class=\"elementor-widget-wrap elementor-element-populated\">\n\t\t\t\t\t\t<div class=\"elementor-element elementor-element-7b1ec38 elementor-widget-tablet__width-auto elementor-widget-mobile__width-auto elementor-hidden-desktop elementor-widget elementor-widget-text-editor\" data-id=\"7b1ec38\" data-element_type=\"widget\" data-e-type=\"widget\" data-widget_type=\"text-editor.default\">\n\t\t\t\t<div class=\"elementor-widget-container\">\n\t\t\t\t\t\t\t\t\t<p>Cat\u00e9gories d&rsquo;actualit\u00e9s :<\/p>\t\t\t\t\t\t\t\t<\/div>\n\t\t\t\t<\/div>\n\t\t\t\t<div class=\"elementor-element elementor-element-b470933 elementor-nav-menu__align-center elementor-widget-tablet__width-auto elementor-widget-mobile__width-auto elementor-nav-menu--dropdown-tablet elementor-nav-menu__text-align-aside elementor-nav-menu--toggle elementor-nav-menu--burger elementor-widget elementor-widget-nav-menu\" data-id=\"b470933\" data-element_type=\"widget\" data-e-type=\"widget\" data-settings=\"{&quot;layout&quot;:&quot;horizontal&quot;,&quot;submenu_icon&quot;:{&quot;value&quot;:&quot;&lt;i class=\\&quot;fas fa-caret-down\\&quot; aria-hidden=\\&quot;true\\&quot;&gt;&lt;\\\/i&gt;&quot;,&quot;library&quot;:&quot;fa-solid&quot;},&quot;toggle&quot;:&quot;burger&quot;}\" data-widget_type=\"nav-menu.default\">\n\t\t\t\t<div class=\"elementor-widget-container\">\n\t\t\t\t\t\t\t\t<nav aria-label=\"Menu\" class=\"elementor-nav-menu--main elementor-nav-menu__container elementor-nav-menu--layout-horizontal e--pointer-underline e--animation-fade\">\n\t\t\t\t<ul id=\"menu-1-b470933\" class=\"elementor-nav-menu\"><li class=\"menu-item menu-item-type-taxonomy menu-item-object-category menu-item-1043\"><a href=\"https:\/\/www.mithieux.fr\/en\/category\/entreprise\/\" class=\"elementor-item\">L&rsquo;entreprise<\/a><\/li>\n<li class=\"menu-item menu-item-type-taxonomy menu-item-object-category menu-item-1042\"><a href=\"https:\/\/www.mithieux.fr\/en\/category\/evenements\/\" class=\"elementor-item\">\u00c9v\u00e9nements<\/a><\/li>\n<li class=\"menu-item menu-item-type-taxonomy menu-item-object-category menu-item-1044\"><a href=\"https:\/\/www.mithieux.fr\/en\/category\/le-marche\/\" class=\"elementor-item\">Le march\u00e9<\/a><\/li>\n<li class=\"menu-item menu-item-type-taxonomy menu-item-object-category menu-item-1041\"><a href=\"https:\/\/www.mithieux.fr\/en\/category\/automobile\/\" class=\"elementor-item\">Automobile<\/a><\/li>\n<li class=\"menu-item menu-item-type-taxonomy menu-item-object-category menu-item-1626\"><a href=\"https:\/\/www.mithieux.fr\/en\/category\/finition\/\" class=\"elementor-item\">Finition<\/a><\/li>\n<li class=\"menu-item menu-item-type-taxonomy menu-item-object-category menu-item-1627\"><a href=\"https:\/\/www.mithieux.fr\/en\/category\/dans-la-presse\/\" class=\"elementor-item\">Dans la presse<\/a><\/li>\n<li class=\"menu-item menu-item-type-taxonomy menu-item-object-category menu-item-1898\"><a href=\"https:\/\/www.mithieux.fr\/en\/category\/recrutement\/\" class=\"elementor-item\">Recrutement<\/a><\/li>\n<\/ul>\t\t\t<\/nav>\n\t\t\t\t\t<div class=\"elementor-menu-toggle\" role=\"button\" tabindex=\"0\" aria-label=\"Menu Toggle\" aria-expanded=\"false\">\n\t\t\t<i aria-hidden=\"true\" role=\"presentation\" class=\"elementor-menu-toggle__icon--open eicon-menu-bar\"><\/i><i aria-hidden=\"true\" role=\"presentation\" class=\"elementor-menu-toggle__icon--close eicon-close\"><\/i>\t\t<\/div>\n\t\t\t\t\t<nav class=\"elementor-nav-menu--dropdown elementor-nav-menu__container\" aria-hidden=\"true\">\n\t\t\t\t<ul id=\"menu-2-b470933\" class=\"elementor-nav-menu\"><li class=\"menu-item menu-item-type-taxonomy menu-item-object-category menu-item-1043\"><a href=\"https:\/\/www.mithieux.fr\/en\/category\/entreprise\/\" class=\"elementor-item\" tabindex=\"-1\">L&rsquo;entreprise<\/a><\/li>\n<li class=\"menu-item menu-item-type-taxonomy menu-item-object-category menu-item-1042\"><a href=\"https:\/\/www.mithieux.fr\/en\/category\/evenements\/\" class=\"elementor-item\" tabindex=\"-1\">\u00c9v\u00e9nements<\/a><\/li>\n<li class=\"menu-item menu-item-type-taxonomy menu-item-object-category menu-item-1044\"><a href=\"https:\/\/www.mithieux.fr\/en\/category\/le-marche\/\" class=\"elementor-item\" tabindex=\"-1\">Le march\u00e9<\/a><\/li>\n<li class=\"menu-item menu-item-type-taxonomy menu-item-object-category menu-item-1041\"><a href=\"https:\/\/www.mithieux.fr\/en\/category\/automobile\/\" class=\"elementor-item\" tabindex=\"-1\">Automobile<\/a><\/li>\n<li class=\"menu-item menu-item-type-taxonomy menu-item-object-category menu-item-1626\"><a href=\"https:\/\/www.mithieux.fr\/en\/category\/finition\/\" class=\"elementor-item\" tabindex=\"-1\">Finition<\/a><\/li>\n<li class=\"menu-item menu-item-type-taxonomy menu-item-object-category menu-item-1627\"><a href=\"https:\/\/www.mithieux.fr\/en\/category\/dans-la-presse\/\" class=\"elementor-item\" tabindex=\"-1\">Dans la presse<\/a><\/li>\n<li class=\"menu-item menu-item-type-taxonomy menu-item-object-category menu-item-1898\"><a href=\"https:\/\/www.mithieux.fr\/en\/category\/recrutement\/\" class=\"elementor-item\" tabindex=\"-1\">Recrutement<\/a><\/li>\n<\/ul>\t\t\t<\/nav>\n\t\t\t\t\t\t<\/div>\n\t\t\t\t<\/div>\n\t\t\t\t<div class=\"elementor-element elementor-element-a49b84f elementor-grid-3 elementor-grid-tablet-2 elementor-grid-mobile-1 elementor-posts--thumbnail-top elementor-card-shadow-yes elementor-posts__hover-gradient elementor-widget elementor-widget-posts\" data-id=\"a49b84f\" data-element_type=\"widget\" data-e-type=\"widget\" data-settings=\"{&quot;cards_row_gap&quot;:{&quot;unit&quot;:&quot;px&quot;,&quot;size&quot;:50,&quot;sizes&quot;:[]},&quot;pagination_type&quot;:&quot;prev_next&quot;,&quot;cards_columns&quot;:&quot;3&quot;,&quot;cards_columns_tablet&quot;:&quot;2&quot;,&quot;cards_columns_mobile&quot;:&quot;1&quot;,&quot;cards_row_gap_tablet&quot;:{&quot;unit&quot;:&quot;px&quot;,&quot;size&quot;:&quot;&quot;,&quot;sizes&quot;:[]},&quot;cards_row_gap_mobile&quot;:{&quot;unit&quot;:&quot;px&quot;,&quot;size&quot;:&quot;&quot;,&quot;sizes&quot;:[]}}\" data-widget_type=\"posts.cards\">\n\t\t\t\t<div class=\"elementor-widget-container\">\n\t\t\t\t\t\t\t<div class=\"elementor-posts-container elementor-posts elementor-posts--skin-cards elementor-grid\" role=\"list\">\n\t\t\t\t<article class=\"elementor-post elementor-grid-item post-2122 post type-post status-publish format-standard has-post-thumbnail hentry category-entreprise\" role=\"listitem\">\n\t\t\t<div class=\"elementor-post__card\">\n\t\t\t\t<a class=\"elementor-post__thumbnail__link\" href=\"https:\/\/www.mithieux.fr\/en\/2026\/03\/09\/indexation-egalite-professionnelle\/\" tabindex=\"-1\" ><div class=\"elementor-post__thumbnail\"><img fetchpriority=\"high\" decoding=\"async\" width=\"768\" height=\"432\" src=\"https:\/\/www.mithieux.fr\/wp-content\/uploads\/2026\/03\/Egalite-professionnelle-768x432.png\" class=\"attachment-medium_large size-medium_large wp-image-2124\" alt=\"\" srcset=\"https:\/\/www.mithieux.fr\/wp-content\/uploads\/2026\/03\/Egalite-professionnelle-768x432.png 768w, https:\/\/www.mithieux.fr\/wp-content\/uploads\/2026\/03\/Egalite-professionnelle-300x169.png 300w, https:\/\/www.mithieux.fr\/wp-content\/uploads\/2026\/03\/Egalite-professionnelle-1024x576.png 1024w, https:\/\/www.mithieux.fr\/wp-content\/uploads\/2026\/03\/Egalite-professionnelle-1536x864.png 1536w, https:\/\/www.mithieux.fr\/wp-content\/uploads\/2026\/03\/Egalite-professionnelle-18x10.png 18w, https:\/\/www.mithieux.fr\/wp-content\/uploads\/2026\/03\/Egalite-professionnelle.png 1920w\" sizes=\"(max-width: 768px) 100vw, 768px\" \/><\/div><\/a>\n\t\t\t\t<div class=\"elementor-post__text\">\n\t\t\t\t<h3 class=\"elementor-post__title\">\n\t\t\t<a href=\"https:\/\/www.mithieux.fr\/en\/2026\/03\/09\/indexation-egalite-professionnelle\/\" >\n\t\t\t\tIndexation \u00e9galit\u00e9 professionnelle\t\t\t<\/a>\n\t\t<\/h3>\n\t\t\t\t<div class=\"elementor-post__excerpt\">\n\t\t\t\t\t<\/div>\n\t\t\t\t<\/div>\n\t\t\t\t\t<\/div>\n\t\t<\/article>\n\t\t\t\t<article class=\"elementor-post elementor-grid-item post-2112 post type-post status-publish format-standard has-post-thumbnail hentry category-recrutement\" role=\"listitem\">\n\t\t\t<div class=\"elementor-post__card\">\n\t\t\t\t<a class=\"elementor-post__thumbnail__link\" href=\"https:\/\/www.mithieux.fr\/en\/2026\/02\/18\/technicien-de-maintenance-h-f\/\" tabindex=\"-1\" ><div class=\"elementor-post__thumbnail\"><img decoding=\"async\" width=\"750\" height=\"440\" src=\"https:\/\/www.mithieux.fr\/wp-content\/uploads\/2024\/10\/Img-Nous-Recrutons.png\" class=\"attachment-medium_large size-medium_large wp-image-1882\" alt=\"\" srcset=\"https:\/\/www.mithieux.fr\/wp-content\/uploads\/2024\/10\/Img-Nous-Recrutons.png 750w, https:\/\/www.mithieux.fr\/wp-content\/uploads\/2024\/10\/Img-Nous-Recrutons-300x176.png 300w, https:\/\/www.mithieux.fr\/wp-content\/uploads\/2024\/10\/Img-Nous-Recrutons-18x12.png 18w\" sizes=\"(max-width: 750px) 100vw, 750px\" \/><\/div><\/a>\n\t\t\t\t<div class=\"elementor-post__text\">\n\t\t\t\t<h3 class=\"elementor-post__title\">\n\t\t\t<a href=\"https:\/\/www.mithieux.fr\/en\/2026\/02\/18\/technicien-de-maintenance-h-f\/\" >\n\t\t\t\tTechnicien de maintenance (H\/F)\t\t\t<\/a>\n\t\t<\/h3>\n\t\t\t\t<div class=\"elementor-post__excerpt\">\n\t\t\t\t\t<\/div>\n\t\t\t\t<\/div>\n\t\t\t\t\t<\/div>\n\t\t<\/article>\n\t\t\t\t<article class=\"elementor-post elementor-grid-item post-2092 post type-post status-publish format-standard has-post-thumbnail hentry category-entreprise\" role=\"listitem\">\n\t\t\t<div class=\"elementor-post__card\">\n\t\t\t\t<a class=\"elementor-post__thumbnail__link\" href=\"https:\/\/www.mithieux.fr\/en\/2025\/11\/26\/osez-lindustrie_-retour-sur-image\/\" tabindex=\"-1\" ><div class=\"elementor-post__thumbnail\"><img decoding=\"async\" width=\"432\" height=\"117\" src=\"https:\/\/www.mithieux.fr\/wp-content\/uploads\/2025\/11\/telechargement-osez-.jpg\" class=\"attachment-medium_large size-medium_large wp-image-2099\" alt=\"\" srcset=\"https:\/\/www.mithieux.fr\/wp-content\/uploads\/2025\/11\/telechargement-osez-.jpg 432w, https:\/\/www.mithieux.fr\/wp-content\/uploads\/2025\/11\/telechargement-osez--300x81.jpg 300w, https:\/\/www.mithieux.fr\/wp-content\/uploads\/2025\/11\/telechargement-osez--18x5.jpg 18w\" sizes=\"(max-width: 432px) 100vw, 432px\" \/><\/div><\/a>\n\t\t\t\t<div class=\"elementor-post__text\">\n\t\t\t\t<h3 class=\"elementor-post__title\">\n\t\t\t<a href=\"https:\/\/www.mithieux.fr\/en\/2025\/11\/26\/osez-lindustrie_-retour-sur-image\/\" >\n\t\t\t\tOsez l&rsquo;Industrie_ retour sur image\t\t\t<\/a>\n\t\t<\/h3>\n\t\t\t\t<div class=\"elementor-post__excerpt\">\n\t\t\t<p>Mithieux Metal Protect a eu le plaisir de participer au forum \u00ab Osez l\u2019Industrie \u00bb, organis\u00e9 dans la Halle industrielle Rubanox par l\u2019UIMM Savoie. Cet<\/p>\n\t\t<\/div>\n\t\t\t\t<\/div>\n\t\t\t\t\t<\/div>\n\t\t<\/article>\n\t\t\t\t<article class=\"elementor-post elementor-grid-item post-2104 post type-post status-publish format-standard has-post-thumbnail hentry category-entreprise\" role=\"listitem\">\n\t\t\t<div class=\"elementor-post__card\">\n\t\t\t\t<a class=\"elementor-post__thumbnail__link\" href=\"https:\/\/www.mithieux.fr\/en\/2025\/11\/10\/enfin-nous-sommes-prets\/\" tabindex=\"-1\" ><div class=\"elementor-post__thumbnail\"><img loading=\"lazy\" decoding=\"async\" width=\"768\" height=\"1225\" src=\"https:\/\/www.mithieux.fr\/wp-content\/uploads\/2025\/10\/T25-2-768x1225.jpg\" class=\"attachment-medium_large size-medium_large wp-image-2037\" alt=\"\" srcset=\"https:\/\/www.mithieux.fr\/wp-content\/uploads\/2025\/10\/T25-2-768x1225.jpg 768w, https:\/\/www.mithieux.fr\/wp-content\/uploads\/2025\/10\/T25-2-188x300.jpg 188w, https:\/\/www.mithieux.fr\/wp-content\/uploads\/2025\/10\/T25-2-642x1024.jpg 642w, https:\/\/www.mithieux.fr\/wp-content\/uploads\/2025\/10\/T25-2-963x1536.jpg 963w, https:\/\/www.mithieux.fr\/wp-content\/uploads\/2025\/10\/T25-2-8x12.jpg 8w, https:\/\/www.mithieux.fr\/wp-content\/uploads\/2025\/10\/T25-2.jpg 1266w\" sizes=\"(max-width: 768px) 100vw, 768px\" \/><\/div><\/a>\n\t\t\t\t<div class=\"elementor-post__text\">\n\t\t\t\t<h3 class=\"elementor-post__title\">\n\t\t\t<a href=\"https:\/\/www.mithieux.fr\/en\/2025\/11\/10\/enfin-nous-sommes-prets\/\" >\n\t\t\t\tEnfin, nous sommes pr\u00eats\t\t\t<\/a>\n\t\t<\/h3>\n\t\t\t\t<div class=\"elementor-post__excerpt\">\n\t\t\t<p>Notre nouvelle ligne T25 a \u00e9t\u00e9 mise en service en novembre 2025 pour d\u00e9velopper nos capacit\u00e9s en Etain-Zinc. Cette ligne a \u00e9t\u00e9 r\u00e9alis\u00e9e grace au<\/p>\n\t\t<\/div>\n\t\t\t\t<\/div>\n\t\t\t\t\t<\/div>\n\t\t<\/article>\n\t\t\t\t<article class=\"elementor-post elementor-grid-item post-2073 post type-post status-publish format-standard has-post-thumbnail hentry category-evenements category-entreprise category-recrutement\" role=\"listitem\">\n\t\t\t<div class=\"elementor-post__card\">\n\t\t\t\t<div class=\"elementor-post__text\">\n\t\t\t\t<h3 class=\"elementor-post__title\">\n\t\t\t<a href=\"https:\/\/www.mithieux.fr\/en\/2025\/11\/04\/osez-lindustrie\/\" >\n\t\t\t\tOsez l&rsquo;Industrie\t\t\t<\/a>\n\t\t<\/h3>\n\t\t\t\t<div class=\"elementor-post__excerpt\">\n\t\t\t<p>Le grand rendez-vous des m\u00e9tiers de l\u2019industrie &amp; du recrutement en Savoie ! \ud83d\udcc5 21 &amp; 22 novembre 2025\ud83d\udccd RUBANOX &#8211; Halle \u00e9v\u00e9nementielle \u2013 Chamb\u00e9ry<\/p>\n\t\t<\/div>\n\t\t\t\t<\/div>\n\t\t\t\t\t<\/div>\n\t\t<\/article>\n\t\t\t\t<article class=\"elementor-post elementor-grid-item post-2006 post type-post status-publish format-standard has-post-thumbnail hentry category-entreprise category-le-marche tag-bpi-france tag-international\" role=\"listitem\">\n\t\t\t<div class=\"elementor-post__card\">\n\t\t\t\t<a class=\"elementor-post__thumbnail__link\" href=\"https:\/\/www.mithieux.fr\/en\/2025\/10\/03\/notre-ambition-internationale\/\" tabindex=\"-1\" ><div class=\"elementor-post__thumbnail\"><img loading=\"lazy\" decoding=\"async\" width=\"768\" height=\"415\" src=\"https:\/\/www.mithieux.fr\/wp-content\/uploads\/2021\/08\/iStock-1169668336-768x415.jpg\" class=\"attachment-medium_large size-medium_large wp-image-2069\" alt=\"\" srcset=\"https:\/\/www.mithieux.fr\/wp-content\/uploads\/2021\/08\/iStock-1169668336-768x415.jpg 768w, https:\/\/www.mithieux.fr\/wp-content\/uploads\/2021\/08\/iStock-1169668336-300x162.jpg 300w, https:\/\/www.mithieux.fr\/wp-content\/uploads\/2021\/08\/iStock-1169668336-1024x554.jpg 1024w, https:\/\/www.mithieux.fr\/wp-content\/uploads\/2021\/08\/iStock-1169668336-18x10.jpg 18w, https:\/\/www.mithieux.fr\/wp-content\/uploads\/2021\/08\/iStock-1169668336.jpg 1393w\" sizes=\"(max-width: 768px) 100vw, 768px\" \/><\/div><\/a>\n\t\t\t\t<div class=\"elementor-post__text\">\n\t\t\t\t<h3 class=\"elementor-post__title\">\n\t\t\t<a href=\"https:\/\/www.mithieux.fr\/en\/2025\/10\/03\/notre-ambition-internationale\/\" >\n\t\t\t\tNotre ambition internationale\t\t\t<\/a>\n\t\t<\/h3>\n\t\t\t\t<div class=\"elementor-post__excerpt\">\n\t\t\t<p>Nous rejoignons la nouvelle promotion du propulseur export BPI France<\/p>\n\t\t<\/div>\n\t\t\t\t<\/div>\n\t\t\t\t\t<\/div>\n\t\t<\/article>\n\t\t\t\t<article class=\"elementor-post elementor-grid-item post-1977 post type-post status-publish format-standard has-post-thumbnail hentry category-entreprise\" role=\"listitem\">\n\t\t\t<div class=\"elementor-post__card\">\n\t\t\t\t<a class=\"elementor-post__thumbnail__link\" href=\"https:\/\/www.mithieux.fr\/en\/2025\/08\/21\/a-lheure-de-la-digitalisation\/\" tabindex=\"-1\" ><div class=\"elementor-post__thumbnail\"><img loading=\"lazy\" decoding=\"async\" width=\"768\" height=\"319\" src=\"https:\/\/www.mithieux.fr\/wp-content\/uploads\/2025\/08\/Capture-768x319.jpg\" class=\"attachment-medium_large size-medium_large wp-image-1979\" alt=\"\" srcset=\"https:\/\/www.mithieux.fr\/wp-content\/uploads\/2025\/08\/Capture-768x319.jpg 768w, https:\/\/www.mithieux.fr\/wp-content\/uploads\/2025\/08\/Capture-300x125.jpg 300w, https:\/\/www.mithieux.fr\/wp-content\/uploads\/2025\/08\/Capture-1024x425.jpg 1024w, https:\/\/www.mithieux.fr\/wp-content\/uploads\/2025\/08\/Capture-1536x638.jpg 1536w, https:\/\/www.mithieux.fr\/wp-content\/uploads\/2025\/08\/Capture-18x7.jpg 18w, https:\/\/www.mithieux.fr\/wp-content\/uploads\/2025\/08\/Capture.jpg 1898w\" sizes=\"(max-width: 768px) 100vw, 768px\" \/><\/div><\/a>\n\t\t\t\t<div class=\"elementor-post__text\">\n\t\t\t\t<h3 class=\"elementor-post__title\">\n\t\t\t<a href=\"https:\/\/www.mithieux.fr\/en\/2025\/08\/21\/a-lheure-de-la-digitalisation\/\" >\n\t\t\t\tA l&rsquo;heure de la digitalisation\t\t\t<\/a>\n\t\t<\/h3>\n\t\t\t\t<div class=\"elementor-post__excerpt\">\n\t\t\t<p>Apr\u00e8s de long mois de travaux, notre ERP interne est livr\u00e9. Planning, Documentation, Gestion des emplacements et suivi de ligne de TS sont digitalis\u00e9s. Nous<\/p>\n\t\t<\/div>\n\t\t\t\t<\/div>\n\t\t\t\t\t<\/div>\n\t\t<\/article>\n\t\t\t\t<article class=\"elementor-post elementor-grid-item post-1940 post type-post status-publish format-standard has-post-thumbnail hentry category-evenements category-entreprise\" role=\"listitem\">\n\t\t\t<div class=\"elementor-post__card\">\n\t\t\t\t<a class=\"elementor-post__thumbnail__link\" href=\"https:\/\/www.mithieux.fr\/en\/2025\/06\/02\/the-battery-show-3-5-juin\/\" tabindex=\"-1\" ><div class=\"elementor-post__thumbnail\"><img loading=\"lazy\" decoding=\"async\" width=\"605\" height=\"340\" src=\"https:\/\/www.mithieux.fr\/wp-content\/uploads\/2025\/06\/Image1.webp\" class=\"attachment-medium_large size-medium_large wp-image-1968\" alt=\"\" srcset=\"https:\/\/www.mithieux.fr\/wp-content\/uploads\/2025\/06\/Image1.webp 605w, https:\/\/www.mithieux.fr\/wp-content\/uploads\/2025\/06\/Image1-300x169.webp 300w, https:\/\/www.mithieux.fr\/wp-content\/uploads\/2025\/06\/Image1-18x10.webp 18w\" sizes=\"(max-width: 605px) 100vw, 605px\" \/><\/div><\/a>\n\t\t\t\t<div class=\"elementor-post__text\">\n\t\t\t\t<h3 class=\"elementor-post__title\">\n\t\t\t<a href=\"https:\/\/www.mithieux.fr\/en\/2025\/06\/02\/the-battery-show-3-5-juin\/\" >\n\t\t\t\tTHE BATTERY SHOW &#8211; 3-5 juin\t\t\t<\/a>\n\t\t<\/h3>\n\t\t\t\t<div class=\"elementor-post__excerpt\">\n\t\t\t<p>Nous vous attendons sur notre stand 9-B20, du 3 au 5 juin 2025, \u00e0 Stuttgart.<\/p>\n\t\t<\/div>\n\t\t\t\t<\/div>\n\t\t\t\t\t<\/div>\n\t\t<\/article>\n\t\t\t\t<article class=\"elementor-post elementor-grid-item post-1906 post type-post status-publish format-standard has-post-thumbnail hentry category-evenements category-entreprise tag-global-industrie tag-revetement tag-salon-professionnel tag-sous-traitance-automobile\" role=\"listitem\">\n\t\t\t<div class=\"elementor-post__card\">\n\t\t\t\t<a class=\"elementor-post__thumbnail__link\" href=\"https:\/\/www.mithieux.fr\/en\/2025\/02\/14\/global-industrie-lyon-2025\/\" tabindex=\"-1\" ><div class=\"elementor-post__thumbnail\"><img loading=\"lazy\" decoding=\"async\" width=\"768\" height=\"236\" src=\"https:\/\/www.mithieux.fr\/wp-content\/uploads\/2025\/02\/header-global-industrie-2025-768x236.webp\" class=\"attachment-medium_large size-medium_large wp-image-1913\" alt=\"\" srcset=\"https:\/\/www.mithieux.fr\/wp-content\/uploads\/2025\/02\/header-global-industrie-2025-768x236.webp 768w, https:\/\/www.mithieux.fr\/wp-content\/uploads\/2025\/02\/header-global-industrie-2025-300x92.webp 300w, https:\/\/www.mithieux.fr\/wp-content\/uploads\/2025\/02\/header-global-industrie-2025-1024x314.webp 1024w, https:\/\/www.mithieux.fr\/wp-content\/uploads\/2025\/02\/header-global-industrie-2025-18x6.webp 18w, https:\/\/www.mithieux.fr\/wp-content\/uploads\/2025\/02\/header-global-industrie-2025.webp 1200w\" sizes=\"(max-width: 768px) 100vw, 768px\" \/><\/div><\/a>\n\t\t\t\t<div class=\"elementor-post__text\">\n\t\t\t\t<h3 class=\"elementor-post__title\">\n\t\t\t<a href=\"https:\/\/www.mithieux.fr\/en\/2025\/02\/14\/global-industrie-lyon-2025\/\" >\n\t\t\t\tGlobal Industrie Lyon 2025\t\t\t<\/a>\n\t\t<\/h3>\n\t\t\t\t<div class=\"elementor-post__excerpt\">\n\t\t\t<p>Retrouvons nous sur ce rendez-vous professionnel du 11 au 14 mars 2025 \u00e0 Eurexpo Lyon.<\/p>\n\t\t<\/div>\n\t\t\t\t<\/div>\n\t\t\t\t\t<\/div>\n\t\t<\/article>\n\t\t\t\t<article class=\"elementor-post elementor-grid-item post-2002 post type-post status-publish format-standard has-post-thumbnail hentry category-entreprise\" role=\"listitem\">\n\t\t\t<div class=\"elementor-post__card\">\n\t\t\t\t<a class=\"elementor-post__thumbnail__link\" href=\"https:\/\/www.mithieux.fr\/en\/2025\/01\/17\/lancement-du-programme-de-digitalisation\/\" tabindex=\"-1\" ><div class=\"elementor-post__thumbnail\"><img loading=\"lazy\" decoding=\"async\" width=\"768\" height=\"223\" src=\"https:\/\/www.mithieux.fr\/wp-content\/uploads\/2025\/08\/AURAJPG-768x223.jpg\" class=\"attachment-medium_large size-medium_large wp-image-1978\" alt=\"\" srcset=\"https:\/\/www.mithieux.fr\/wp-content\/uploads\/2025\/08\/AURAJPG-768x223.jpg 768w, https:\/\/www.mithieux.fr\/wp-content\/uploads\/2025\/08\/AURAJPG-300x87.jpg 300w, https:\/\/www.mithieux.fr\/wp-content\/uploads\/2025\/08\/AURAJPG-1024x298.jpg 1024w, https:\/\/www.mithieux.fr\/wp-content\/uploads\/2025\/08\/AURAJPG-18x5.jpg 18w, https:\/\/www.mithieux.fr\/wp-content\/uploads\/2025\/08\/AURAJPG.jpg 1135w\" sizes=\"(max-width: 768px) 100vw, 768px\" \/><\/div><\/a>\n\t\t\t\t<div class=\"elementor-post__text\">\n\t\t\t\t<h3 class=\"elementor-post__title\">\n\t\t\t<a href=\"https:\/\/www.mithieux.fr\/en\/2025\/01\/17\/lancement-du-programme-de-digitalisation\/\" >\n\t\t\t\tLancement du Programme de Digitalisation\t\t\t<\/a>\n\t\t<\/h3>\n\t\t\t\t<div class=\"elementor-post__excerpt\">\n\t\t\t<p>Avec le soutien de la r\u00e9gion AURA, nous lan\u00e7ons notre partenariat avec la soci\u00e9t\u00e9 METHODE pour Digitalis\u00e9 une partie de nos process et am\u00e9liorer notre<\/p>\n\t\t<\/div>\n\t\t\t\t<\/div>\n\t\t\t\t\t<\/div>\n\t\t<\/article>\n\t\t\t\t<article class=\"elementor-post elementor-grid-item post-1846 post type-post status-publish format-standard has-post-thumbnail hentry category-entreprise\" role=\"listitem\">\n\t\t\t<div class=\"elementor-post__card\">\n\t\t\t\t<a class=\"elementor-post__thumbnail__link\" href=\"https:\/\/www.mithieux.fr\/en\/2024\/09\/27\/mobilidays-2024\/\" tabindex=\"-1\" ><div class=\"elementor-post__thumbnail\"><img loading=\"lazy\" decoding=\"async\" width=\"768\" height=\"262\" src=\"https:\/\/www.mithieux.fr\/wp-content\/uploads\/2024\/09\/mobilidays-768x262.jpg\" class=\"attachment-medium_large size-medium_large wp-image-1850\" alt=\"\" srcset=\"https:\/\/www.mithieux.fr\/wp-content\/uploads\/2024\/09\/mobilidays-768x262.jpg 768w, https:\/\/www.mithieux.fr\/wp-content\/uploads\/2024\/09\/mobilidays-300x102.jpg 300w, https:\/\/www.mithieux.fr\/wp-content\/uploads\/2024\/09\/mobilidays-1024x349.jpg 1024w, https:\/\/www.mithieux.fr\/wp-content\/uploads\/2024\/09\/mobilidays-1536x523.jpg 1536w, https:\/\/www.mithieux.fr\/wp-content\/uploads\/2024\/09\/mobilidays-18x6.jpg 18w, https:\/\/www.mithieux.fr\/wp-content\/uploads\/2024\/09\/mobilidays.jpg 1784w\" sizes=\"(max-width: 768px) 100vw, 768px\" \/><\/div><\/a>\n\t\t\t\t<div class=\"elementor-post__text\">\n\t\t\t\t<h3 class=\"elementor-post__title\">\n\t\t\t<a href=\"https:\/\/www.mithieux.fr\/en\/2024\/09\/27\/mobilidays-2024\/\" >\n\t\t\t\tMobilidays 2024- direction les US\t\t\t<\/a>\n\t\t<\/h3>\n\t\t\t\t<div class=\"elementor-post__excerpt\">\n\t\t\t<p>mithieux metal protect&nbsp;est fier d&rsquo;avoir \u00e9t\u00e9 s\u00e9lectionn\u00e9 pour participer aux&nbsp;Mobilidays 2024&nbsp;dans le cadre du programme&nbsp;France 2030 Export&nbsp;! Nous sommes impatients de partager notre innovation #Evolution2<\/p>\n\t\t<\/div>\n\t\t\t\t<\/div>\n\t\t\t\t\t<\/div>\n\t\t<\/article>\n\t\t\t\t<article class=\"elementor-post elementor-grid-item post-1661 post type-post status-publish format-standard has-post-thumbnail hentry category-dans-la-presse category-evenements category-entreprise category-le-marche tag-article tag-presse tag-savoienews\" role=\"listitem\">\n\t\t\t<div class=\"elementor-post__card\">\n\t\t\t\t<a class=\"elementor-post__thumbnail__link\" href=\"https:\/\/www.mithieux.fr\/en\/2023\/11\/10\/mithieux-engagee\/\" tabindex=\"-1\" ><div class=\"elementor-post__thumbnail\"><img loading=\"lazy\" decoding=\"async\" width=\"768\" height=\"576\" src=\"https:\/\/www.mithieux.fr\/wp-content\/uploads\/2023\/11\/ENTREPRISES_PDFDPOGPDG-768x576.jpg\" class=\"attachment-medium_large size-medium_large wp-image-1669\" alt=\"\" srcset=\"https:\/\/www.mithieux.fr\/wp-content\/uploads\/2023\/11\/ENTREPRISES_PDFDPOGPDG-768x576.jpg 768w, https:\/\/www.mithieux.fr\/wp-content\/uploads\/2023\/11\/ENTREPRISES_PDFDPOGPDG-300x225.jpg 300w, https:\/\/www.mithieux.fr\/wp-content\/uploads\/2023\/11\/ENTREPRISES_PDFDPOGPDG-16x12.jpg 16w, https:\/\/www.mithieux.fr\/wp-content\/uploads\/2023\/11\/ENTREPRISES_PDFDPOGPDG.jpg 800w\" sizes=\"(max-width: 768px) 100vw, 768px\" \/><\/div><\/a>\n\t\t\t\t<div class=\"elementor-post__text\">\n\t\t\t\t<h3 class=\"elementor-post__title\">\n\t\t\t<a href=\"https:\/\/www.mithieux.fr\/en\/2023\/11\/10\/mithieux-engagee\/\" >\n\t\t\t\tInterview &#8211; Savoie News sur la Foire de Savoie\t\t\t<\/a>\n\t\t<\/h3>\n\t\t\t\t<div class=\"elementor-post__excerpt\">\n\t\t\t<p>Mithieux Metal Protect, une entreprise industrielle engag\u00e9e dans l&rsquo;inclusion sociale depuis 2019 avec le Club \u00ab\u00a0Les entreprises s&rsquo;engagent\u00a0\u00bb<\/p>\n\t\t<\/div>\n\t\t\t\t<\/div>\n\t\t\t\t\t<\/div>\n\t\t<\/article>\n\t\t\t\t<article class=\"elementor-post elementor-grid-item post-1564 post type-post status-publish format-standard has-post-thumbnail hentry category-dans-la-presse category-evenements category-finition category-entreprise tag-article tag-lusine-nouvelle tag-presse\" role=\"listitem\">\n\t\t\t<div class=\"elementor-post__card\">\n\t\t\t\t<a class=\"elementor-post__thumbnail__link\" href=\"https:\/\/www.mithieux.fr\/en\/2023\/04\/06\/dans-la-presse-usine-nouvelle\/\" tabindex=\"-1\" ><div class=\"elementor-post__thumbnail\"><img loading=\"lazy\" decoding=\"async\" width=\"151\" height=\"149\" src=\"https:\/\/www.mithieux.fr\/wp-content\/uploads\/2023\/04\/lusinenouvelle-avril-2023.png\" class=\"attachment-medium_large size-medium_large wp-image-1630\" alt=\"\" srcset=\"https:\/\/www.mithieux.fr\/wp-content\/uploads\/2023\/04\/lusinenouvelle-avril-2023.png 151w, https:\/\/www.mithieux.fr\/wp-content\/uploads\/2023\/04\/lusinenouvelle-avril-2023-12x12.png 12w\" sizes=\"(max-width: 151px) 100vw, 151px\" \/><\/div><\/a>\n\t\t\t\t<div class=\"elementor-post__text\">\n\t\t\t\t<h3 class=\"elementor-post__title\">\n\t\t\t<a href=\"https:\/\/www.mithieux.fr\/en\/2023\/04\/06\/dans-la-presse-usine-nouvelle\/\" >\n\t\t\t\tArticle &#8211; L&rsquo;usine Nouvelle\t\t\t<\/a>\n\t\t<\/h3>\n\t\t\t\t<div class=\"elementor-post__excerpt\">\n\t\t\t<p>Article de pr\u00e9sentation du nouveau traitement ETAIN-ZINC E-volution2 dans L&rsquo;usine Nouvelle, \u00ab\u00a0un proc\u00e9d\u00e9 de rupture<\/p>\n\t\t<\/div>\n\t\t\t\t<\/div>\n\t\t\t\t\t<\/div>\n\t\t<\/article>\n\t\t\t\t<article class=\"elementor-post elementor-grid-item post-1597 post type-post status-publish format-standard has-post-thumbnail hentry category-dans-la-presse category-evenements category-entreprise category-le-marche tag-global-industrie tag-mecallians tag-reportage\" role=\"listitem\">\n\t\t\t<div class=\"elementor-post__card\">\n\t\t\t\t<a class=\"elementor-post__thumbnail__link\" href=\"https:\/\/www.mithieux.fr\/en\/2023\/03\/15\/reportage-mecallians\/\" tabindex=\"-1\" ><div class=\"elementor-post__thumbnail\"><img loading=\"lazy\" decoding=\"async\" width=\"768\" height=\"255\" src=\"https:\/\/www.mithieux.fr\/wp-content\/uploads\/2023\/04\/Capture-decran-2023-04-11-a-15.18.16-768x255.png\" class=\"attachment-medium_large size-medium_large wp-image-1608\" alt=\"\" srcset=\"https:\/\/www.mithieux.fr\/wp-content\/uploads\/2023\/04\/Capture-decran-2023-04-11-a-15.18.16-768x255.png 768w, https:\/\/www.mithieux.fr\/wp-content\/uploads\/2023\/04\/Capture-decran-2023-04-11-a-15.18.16-300x100.png 300w, https:\/\/www.mithieux.fr\/wp-content\/uploads\/2023\/04\/Capture-decran-2023-04-11-a-15.18.16-1024x340.png 1024w, https:\/\/www.mithieux.fr\/wp-content\/uploads\/2023\/04\/Capture-decran-2023-04-11-a-15.18.16-18x6.png 18w, https:\/\/www.mithieux.fr\/wp-content\/uploads\/2023\/04\/Capture-decran-2023-04-11-a-15.18.16.png 1282w\" sizes=\"(max-width: 768px) 100vw, 768px\" \/><\/div><\/a>\n\t\t\t\t<div class=\"elementor-post__text\">\n\t\t\t\t<h3 class=\"elementor-post__title\">\n\t\t\t<a href=\"https:\/\/www.mithieux.fr\/en\/2023\/03\/15\/reportage-mecallians\/\" >\n\t\t\t\tReportage sur la nouvelle union des Industries m\u00e9caniques fran\u00e7aises\t\t\t<\/a>\n\t\t<\/h3>\n\t\t\t\t<div class=\"elementor-post__excerpt\">\n\t\t\t<p>Jonathan Fhima \u00e9tait interview\u00e9 lors de la cr\u00e9ation de M\u00e9callians, union des industries m\u00e9caniques fran\u00e7aises \u00e0 Global Industrie Lyon <\/p>\n\t\t<\/div>\n\t\t\t\t<\/div>\n\t\t\t\t\t<\/div>\n\t\t<\/article>\n\t\t\t\t<article class=\"elementor-post elementor-grid-item post-1571 post type-post status-publish format-standard has-post-thumbnail hentry category-dans-la-presse category-evenements category-entreprise tag-global-industrie tag-ministre\" role=\"listitem\">\n\t\t\t<div class=\"elementor-post__card\">\n\t\t\t\t<a class=\"elementor-post__thumbnail__link\" href=\"https:\/\/www.mithieux.fr\/en\/2023\/03\/11\/gil2023-visite-ministre\/\" tabindex=\"-1\" ><div class=\"elementor-post__thumbnail\"><img loading=\"lazy\" decoding=\"async\" width=\"576\" height=\"519\" src=\"https:\/\/www.mithieux.fr\/wp-content\/uploads\/2023\/03\/GI2023-lescure.jpg\" class=\"attachment-medium_large size-medium_large wp-image-1647\" alt=\"\" srcset=\"https:\/\/www.mithieux.fr\/wp-content\/uploads\/2023\/03\/GI2023-lescure.jpg 576w, https:\/\/www.mithieux.fr\/wp-content\/uploads\/2023\/03\/GI2023-lescure-300x270.jpg 300w, https:\/\/www.mithieux.fr\/wp-content\/uploads\/2023\/03\/GI2023-lescure-13x12.jpg 13w\" sizes=\"(max-width: 576px) 100vw, 576px\" \/><\/div><\/a>\n\t\t\t\t<div class=\"elementor-post__text\">\n\t\t\t\t<h3 class=\"elementor-post__title\">\n\t\t\t<a href=\"https:\/\/www.mithieux.fr\/en\/2023\/03\/11\/gil2023-visite-ministre\/\" >\n\t\t\t\tUn ministre \u00e0 Global Industrie Lyon\t\t\t<\/a>\n\t\t<\/h3>\n\t\t\t\t<div class=\"elementor-post__excerpt\">\n\t\t\t<p>M. Lescure, ministre d\u00e9l\u00e9gu\u00e9 de l&rsquo;industrie \u00e9tait sur le stand de Mithieux Metal Protect \u00e0 Global Industrie Lyon 2023 <\/p>\n\t\t<\/div>\n\t\t\t\t<\/div>\n\t\t\t\t\t<\/div>\n\t\t<\/article>\n\t\t\t\t<article class=\"elementor-post elementor-grid-item post-1587 post type-post status-publish format-standard has-post-thumbnail hentry category-dans-la-presse category-entreprise category-le-marche tag-article tag-electricite tag-le-figaro\" role=\"listitem\">\n\t\t\t<div class=\"elementor-post__card\">\n\t\t\t\t<a class=\"elementor-post__thumbnail__link\" href=\"https:\/\/www.mithieux.fr\/en\/2023\/02\/21\/dans-la-presse-le-figaro\/\" tabindex=\"-1\" ><div class=\"elementor-post__thumbnail\"><img loading=\"lazy\" decoding=\"async\" width=\"414\" height=\"233\" src=\"https:\/\/www.mithieux.fr\/wp-content\/uploads\/2023\/04\/XVM2068f1ae-b140-11ed-a407-00c4212c7ce5.webp\" class=\"attachment-medium_large size-medium_large wp-image-1595\" alt=\"\" srcset=\"https:\/\/www.mithieux.fr\/wp-content\/uploads\/2023\/04\/XVM2068f1ae-b140-11ed-a407-00c4212c7ce5.webp 414w, https:\/\/www.mithieux.fr\/wp-content\/uploads\/2023\/04\/XVM2068f1ae-b140-11ed-a407-00c4212c7ce5-300x169.webp 300w, https:\/\/www.mithieux.fr\/wp-content\/uploads\/2023\/04\/XVM2068f1ae-b140-11ed-a407-00c4212c7ce5-18x10.webp 18w\" sizes=\"(max-width: 414px) 100vw, 414px\" \/><\/div><\/a>\n\t\t\t\t<div class=\"elementor-post__text\">\n\t\t\t\t<h3 class=\"elementor-post__title\">\n\t\t\t<a href=\"https:\/\/www.mithieux.fr\/en\/2023\/02\/21\/dans-la-presse-le-figaro\/\" >\n\t\t\t\tDossier &#8211; Le Figaro Economie\t\t\t<\/a>\n\t\t<\/h3>\n\t\t\t\t<div class=\"elementor-post__excerpt\">\n\t\t\t<p>Le Figaro a r\u00e9alis\u00e9 un dossier sur \u00ab\u00a0ces PME pi\u00e9g\u00e9es par les contrats d&rsquo;\u00e9lectricit\u00e9 sign\u00e9s au prix fort\u00a0\u00bb . Mithieux a t\u00e9moign\u00e9 sur sa situation.<\/p>\n\t\t<\/div>\n\t\t\t\t<\/div>\n\t\t\t\t\t<\/div>\n\t\t<\/article>\n\t\t\t\t<article class=\"elementor-post elementor-grid-item post-2100 post type-post status-publish format-standard has-post-thumbnail hentry category-entreprise\" role=\"listitem\">\n\t\t\t<div class=\"elementor-post__card\">\n\t\t\t\t<a class=\"elementor-post__thumbnail__link\" href=\"https:\/\/www.mithieux.fr\/en\/2022\/11\/02\/e-volution-2\/\" tabindex=\"-1\" ><div class=\"elementor-post__thumbnail\"><img loading=\"lazy\" decoding=\"async\" width=\"322\" height=\"316\" src=\"https:\/\/www.mithieux.fr\/wp-content\/uploads\/2022\/08\/Logotype-rouge-bleu.jpg\" class=\"attachment-medium_large size-medium_large wp-image-1435\" alt=\"\" srcset=\"https:\/\/www.mithieux.fr\/wp-content\/uploads\/2022\/08\/Logotype-rouge-bleu.jpg 322w, https:\/\/www.mithieux.fr\/wp-content\/uploads\/2022\/08\/Logotype-rouge-bleu-300x294.jpg 300w, https:\/\/www.mithieux.fr\/wp-content\/uploads\/2022\/08\/Logotype-rouge-bleu-12x12.jpg 12w\" sizes=\"(max-width: 322px) 100vw, 322px\" \/><\/div><\/a>\n\t\t\t\t<div class=\"elementor-post__text\">\n\t\t\t\t<h3 class=\"elementor-post__title\">\n\t\t\t<a href=\"https:\/\/www.mithieux.fr\/en\/2022\/11\/02\/e-volution-2\/\" >\n\t\t\t\tE-volution 2\t\t\t<\/a>\n\t\t<\/h3>\n\t\t\t\t<div class=\"elementor-post__excerpt\">\n\t\t\t<p>Lancement de notre Offre de traitement d &lsquo;\u00e9tain zinc en grande s\u00e9rie. Vous pouvez nous consulter. Le projet est en partie financ\u00e9 par France 2030.<\/p>\n\t\t<\/div>\n\t\t\t\t<\/div>\n\t\t\t\t\t<\/div>\n\t\t<\/article>\n\t\t\t\t<article class=\"elementor-post elementor-grid-item post-1468 post type-post status-publish format-standard has-post-thumbnail hentry category-entreprise tag-conference tag-crise-economique tag-foire-de-savoie\" role=\"listitem\">\n\t\t\t<div class=\"elementor-post__card\">\n\t\t\t\t<a class=\"elementor-post__thumbnail__link\" href=\"https:\/\/www.mithieux.fr\/en\/2022\/09\/21\/conference-fhima-foiredesavoie-2\/\" tabindex=\"-1\" ><div class=\"elementor-post__thumbnail\"><img loading=\"lazy\" decoding=\"async\" width=\"768\" height=\"562\" src=\"https:\/\/www.mithieux.fr\/wp-content\/uploads\/2022\/09\/confe\u0301rence-e\u0301conomique-foire-de-savoie-768x562.png\" class=\"attachment-medium_large size-medium_large wp-image-1461\" alt=\"\" srcset=\"https:\/\/www.mithieux.fr\/wp-content\/uploads\/2022\/09\/confe\u0301rence-e\u0301conomique-foire-de-savoie-768x562.png 768w, https:\/\/www.mithieux.fr\/wp-content\/uploads\/2022\/09\/confe\u0301rence-e\u0301conomique-foire-de-savoie-300x219.png 300w, https:\/\/www.mithieux.fr\/wp-content\/uploads\/2022\/09\/confe\u0301rence-e\u0301conomique-foire-de-savoie-1024x749.png 1024w, https:\/\/www.mithieux.fr\/wp-content\/uploads\/2022\/09\/confe\u0301rence-e\u0301conomique-foire-de-savoie-16x12.png 16w, https:\/\/www.mithieux.fr\/wp-content\/uploads\/2022\/09\/confe\u0301rence-e\u0301conomique-foire-de-savoie.png 1488w\" sizes=\"(max-width: 768px) 100vw, 768px\" \/><\/div><\/a>\n\t\t\t\t<div class=\"elementor-post__text\">\n\t\t\t\t<h3 class=\"elementor-post__title\">\n\t\t\t<a href=\"https:\/\/www.mithieux.fr\/en\/2022\/09\/21\/conference-fhima-foiredesavoie-2\/\" >\n\t\t\t\tT\u00e9moignage de Jonathan Fhima \u00e0 la Foire de Savoie\t\t\t<\/a>\n\t\t<\/h3>\n\t\t\t\t<div class=\"elementor-post__excerpt\">\n\t\t\t<p>Jonathan Fhima, notre Directeur G\u00e9n\u00e9ral, a particip\u00e9 \u00e0 la conf\u00e9rence \u00e9conomique de la Foire de Savoie 2022 pour parler de comment se r\u00e9-inventer face aux crises.<\/p>\n\t\t<\/div>\n\t\t\t\t<\/div>\n\t\t\t\t\t<\/div>\n\t\t<\/article>\n\t\t\t\t<article class=\"elementor-post elementor-grid-item post-1479 post type-post status-publish format-standard has-post-thumbnail hentry category-dans-la-presse category-entreprise category-le-marche tag-interview tag-la-vie-nouvelle tag-presse\" role=\"listitem\">\n\t\t\t<div class=\"elementor-post__card\">\n\t\t\t\t<a class=\"elementor-post__thumbnail__link\" href=\"https:\/\/www.mithieux.fr\/en\/2022\/09\/13\/presse-lavienouvelle\/\" tabindex=\"-1\" ><div class=\"elementor-post__thumbnail\"><img loading=\"lazy\" decoding=\"async\" width=\"698\" height=\"952\" src=\"https:\/\/www.mithieux.fr\/wp-content\/uploads\/2022\/09\/Capture-de\u0301cran-2022-09-21-a\u0300-17.52.13.png\" class=\"attachment-medium_large size-medium_large wp-image-1480\" alt=\"\" srcset=\"https:\/\/www.mithieux.fr\/wp-content\/uploads\/2022\/09\/Capture-de\u0301cran-2022-09-21-a\u0300-17.52.13.png 698w, https:\/\/www.mithieux.fr\/wp-content\/uploads\/2022\/09\/Capture-de\u0301cran-2022-09-21-a\u0300-17.52.13-220x300.png 220w, https:\/\/www.mithieux.fr\/wp-content\/uploads\/2022\/09\/Capture-de\u0301cran-2022-09-21-a\u0300-17.52.13-9x12.png 9w\" sizes=\"(max-width: 698px) 100vw, 698px\" \/><\/div><\/a>\n\t\t\t\t<div class=\"elementor-post__text\">\n\t\t\t\t<h3 class=\"elementor-post__title\">\n\t\t\t<a href=\"https:\/\/www.mithieux.fr\/en\/2022\/09\/13\/presse-lavienouvelle\/\" >\n\t\t\t\tInterview &#8211; La Vie Nouvelle\t\t\t<\/a>\n\t\t<\/h3>\n\t\t\t\t<div class=\"elementor-post__excerpt\">\n\t\t\t<p>Jonathan Fhima \u00e9tait interview\u00e9 dans La Vie Nouvelle pour sa participation \u00e0 la conf\u00e9rence \u00e9conomique pendant la Foire de Savoie.<\/p>\n\t\t<\/div>\n\t\t\t\t<\/div>\n\t\t\t\t\t<\/div>\n\t\t<\/article>\n\t\t\t\t<article class=\"elementor-post elementor-grid-item post-1409 post type-post status-publish format-standard has-post-thumbnail hentry category-automobile category-entreprise\" role=\"listitem\">\n\t\t\t<div class=\"elementor-post__card\">\n\t\t\t\t<a class=\"elementor-post__thumbnail__link\" href=\"https:\/\/www.mithieux.fr\/en\/2022\/06\/24\/iatf-16949-2016\/\" tabindex=\"-1\" ><div class=\"elementor-post__thumbnail\"><img loading=\"lazy\" decoding=\"async\" width=\"768\" height=\"1086\" src=\"https:\/\/www.mithieux.fr\/wp-content\/uploads\/2022\/06\/IATF-16949-2016-768x1086.jpg\" class=\"attachment-medium_large size-medium_large wp-image-1410\" alt=\"\" srcset=\"https:\/\/www.mithieux.fr\/wp-content\/uploads\/2022\/06\/IATF-16949-2016-768x1086.jpg 768w, https:\/\/www.mithieux.fr\/wp-content\/uploads\/2022\/06\/IATF-16949-2016-212x300.jpg 212w, https:\/\/www.mithieux.fr\/wp-content\/uploads\/2022\/06\/IATF-16949-2016-724x1024.jpg 724w, https:\/\/www.mithieux.fr\/wp-content\/uploads\/2022\/06\/IATF-16949-2016-1086x1536.jpg 1086w, https:\/\/www.mithieux.fr\/wp-content\/uploads\/2022\/06\/IATF-16949-2016-8x12.jpg 8w, https:\/\/www.mithieux.fr\/wp-content\/uploads\/2022\/06\/IATF-16949-2016.jpg 1240w\" sizes=\"(max-width: 768px) 100vw, 768px\" \/><\/div><\/a>\n\t\t\t\t<div class=\"elementor-post__text\">\n\t\t\t\t<h3 class=\"elementor-post__title\">\n\t\t\t<a href=\"https:\/\/www.mithieux.fr\/en\/2022\/06\/24\/iatf-16949-2016\/\" >\n\t\t\t\tIATF 16949 : 2016\t\t\t<\/a>\n\t\t<\/h3>\n\t\t\t\t<div class=\"elementor-post__excerpt\">\n\t\t\t<p>Depuis mai , nous sommes certifi\u00e9s IATF 16949 : 2016.Avec cette nouvelle certification nous renfor\u00e7ons notre engagement de d\u00e9veloppement avec les acteurs de la sous-traitance<\/p>\n\t\t<\/div>\n\t\t\t\t<\/div>\n\t\t\t\t\t<\/div>\n\t\t<\/article>\n\t\t\t\t<article class=\"elementor-post elementor-grid-item post-1319 post type-post status-publish format-standard has-post-thumbnail hentry category-entreprise tag-global-industrie tag-revetement tag-salon-professionnel tag-sous-traitance-automobile\" role=\"listitem\">\n\t\t\t<div class=\"elementor-post__card\">\n\t\t\t\t<a class=\"elementor-post__thumbnail__link\" href=\"https:\/\/www.mithieux.fr\/en\/2022\/05\/12\/global-industrie-paris-2022\/\" tabindex=\"-1\" ><div class=\"elementor-post__thumbnail\"><img loading=\"lazy\" decoding=\"async\" width=\"768\" height=\"614\" src=\"https:\/\/www.mithieux.fr\/wp-content\/uploads\/2022\/05\/GI-Banniere-1000x800-x2-1-768x614.jpg\" class=\"attachment-medium_large size-medium_large wp-image-1405\" alt=\"\" srcset=\"https:\/\/www.mithieux.fr\/wp-content\/uploads\/2022\/05\/GI-Banniere-1000x800-x2-1-768x614.jpg 768w, https:\/\/www.mithieux.fr\/wp-content\/uploads\/2022\/05\/GI-Banniere-1000x800-x2-1-300x240.jpg 300w, https:\/\/www.mithieux.fr\/wp-content\/uploads\/2022\/05\/GI-Banniere-1000x800-x2-1-1024x819.jpg 1024w, https:\/\/www.mithieux.fr\/wp-content\/uploads\/2022\/05\/GI-Banniere-1000x800-x2-1-1536x1229.jpg 1536w, https:\/\/www.mithieux.fr\/wp-content\/uploads\/2022\/05\/GI-Banniere-1000x800-x2-1-15x12.jpg 15w, https:\/\/www.mithieux.fr\/wp-content\/uploads\/2022\/05\/GI-Banniere-1000x800-x2-1.jpg 2000w\" sizes=\"(max-width: 768px) 100vw, 768px\" \/><\/div><\/a>\n\t\t\t\t<div class=\"elementor-post__text\">\n\t\t\t\t<h3 class=\"elementor-post__title\">\n\t\t\t<a href=\"https:\/\/www.mithieux.fr\/en\/2022\/05\/12\/global-industrie-paris-2022\/\" >\n\t\t\t\tGlobal Industrie Paris 2022\t\t\t<\/a>\n\t\t<\/h3>\n\t\t\t\t<div class=\"elementor-post__excerpt\">\n\t\t\t<p>Nous lan\u00e7ons un nouveau proc\u00e9d\u00e9 \u00e9tain zinc \u00e0 haute performance \u00e0 d\u00e9couvrir \u00e0 Global Industrie Paris.<\/p>\n\t\t<\/div>\n\t\t\t\t<\/div>\n\t\t\t\t\t<\/div>\n\t\t<\/article>\n\t\t\t\t<article class=\"elementor-post elementor-grid-item post-1292 post type-post status-publish format-standard has-post-thumbnail hentry category-entreprise\" role=\"listitem\">\n\t\t\t<div class=\"elementor-post__card\">\n\t\t\t\t<a class=\"elementor-post__thumbnail__link\" href=\"https:\/\/www.mithieux.fr\/en\/2022\/02\/09\/visite-du-ministere-de-lenvironnement-et-de-linedis\/\" tabindex=\"-1\" ><div class=\"elementor-post__thumbnail\"><img loading=\"lazy\" decoding=\"async\" width=\"768\" height=\"1024\" src=\"https:\/\/www.mithieux.fr\/wp-content\/uploads\/2022\/02\/Ministere-environnement-1-768x1024.jpg\" class=\"attachment-medium_large size-medium_large wp-image-1295\" alt=\"\" srcset=\"https:\/\/www.mithieux.fr\/wp-content\/uploads\/2022\/02\/Ministere-environnement-1-768x1024.jpg 768w, https:\/\/www.mithieux.fr\/wp-content\/uploads\/2022\/02\/Ministere-environnement-1-225x300.jpg 225w, https:\/\/www.mithieux.fr\/wp-content\/uploads\/2022\/02\/Ministere-environnement-1-1152x1536.jpg 1152w, https:\/\/www.mithieux.fr\/wp-content\/uploads\/2022\/02\/Ministere-environnement-1-9x12.jpg 9w, https:\/\/www.mithieux.fr\/wp-content\/uploads\/2022\/02\/Ministere-environnement-1.jpg 1280w\" sizes=\"(max-width: 768px) 100vw, 768px\" \/><\/div><\/a>\n\t\t\t\t<div class=\"elementor-post__text\">\n\t\t\t\t<h3 class=\"elementor-post__title\">\n\t\t\t<a href=\"https:\/\/www.mithieux.fr\/en\/2022\/02\/09\/visite-du-ministere-de-lenvironnement-et-de-linedis\/\" >\n\t\t\t\tVisite du minist\u00e8re de l\u2019Environnement et de l\u2019INERIS\t\t\t<\/a>\n\t\t<\/h3>\n\t\t\t\t<div class=\"elementor-post__excerpt\">\n\t\t\t<p>Lundi 7 f\u00e9vrier, nous avons eu le plaisir d\u2019accueillir des repr\u00e9sentants du Minist\u00e8re de la Transition Ecologique et de l\u2019Ineris (Institut national de l&rsquo;environnement industriel<\/p>\n\t\t<\/div>\n\t\t\t\t<\/div>\n\t\t\t\t\t<\/div>\n\t\t<\/article>\n\t\t\t\t<article class=\"elementor-post elementor-grid-item post-1278 post type-post status-publish format-standard has-post-thumbnail hentry category-finition category-entreprise tag-anticorrosion tag-modernisation tag-zinc-nickel\" role=\"listitem\">\n\t\t\t<div class=\"elementor-post__card\">\n\t\t\t\t<a class=\"elementor-post__thumbnail__link\" href=\"https:\/\/www.mithieux.fr\/en\/2022\/01\/28\/modernisation-t15\/\" tabindex=\"-1\" ><div class=\"elementor-post__thumbnail\"><img loading=\"lazy\" decoding=\"async\" width=\"768\" height=\"1023\" src=\"https:\/\/www.mithieux.fr\/wp-content\/uploads\/2022\/01\/ligne-T15-mithieux-metal-protect-768x1023.jpg\" class=\"attachment-medium_large size-medium_large wp-image-1280\" alt=\"\" srcset=\"https:\/\/www.mithieux.fr\/wp-content\/uploads\/2022\/01\/ligne-T15-mithieux-metal-protect-768x1023.jpg 768w, https:\/\/www.mithieux.fr\/wp-content\/uploads\/2022\/01\/ligne-T15-mithieux-metal-protect-225x300.jpg 225w, https:\/\/www.mithieux.fr\/wp-content\/uploads\/2022\/01\/ligne-T15-mithieux-metal-protect-769x1024.jpg 769w, https:\/\/www.mithieux.fr\/wp-content\/uploads\/2022\/01\/ligne-T15-mithieux-metal-protect-9x12.jpg 9w, https:\/\/www.mithieux.fr\/wp-content\/uploads\/2022\/01\/ligne-T15-mithieux-metal-protect.jpg 947w\" sizes=\"(max-width: 768px) 100vw, 768px\" \/><\/div><\/a>\n\t\t\t\t<div class=\"elementor-post__text\">\n\t\t\t\t<h3 class=\"elementor-post__title\">\n\t\t\t<a href=\"https:\/\/www.mithieux.fr\/en\/2022\/01\/28\/modernisation-t15\/\" >\n\t\t\t\tModernisation de la Ligne T15 zinc nickel\t\t\t<\/a>\n\t\t<\/h3>\n\t\t\t\t<div class=\"elementor-post__excerpt\">\n\t\t\t<p>Dans le cadre de notre projet de modernisation de nos installations, li\u00e9 au plan France Relance, la premi\u00e8re phase du projet est termin\u00e9e. <\/p>\n\t\t<\/div>\n\t\t\t\t<\/div>\n\t\t\t\t\t<\/div>\n\t\t<\/article>\n\t\t\t\t<article class=\"elementor-post elementor-grid-item post-1250 post type-post status-publish format-standard has-post-thumbnail hentry category-automobile category-entreprise tag-certification tag-competitivite tag-sous-traitance-automobile\" role=\"listitem\">\n\t\t\t<div class=\"elementor-post__card\">\n\t\t\t\t<a class=\"elementor-post__thumbnail__link\" href=\"https:\/\/www.mithieux.fr\/en\/2022\/01\/12\/certification-iatf\/\" tabindex=\"-1\" ><div class=\"elementor-post__thumbnail\"><img loading=\"lazy\" decoding=\"async\" width=\"768\" height=\"512\" src=\"https:\/\/www.mithieux.fr\/wp-content\/uploads\/2022\/01\/certification-IATF-Mithieux-768x512.jpg\" class=\"attachment-medium_large size-medium_large wp-image-1251\" alt=\"\" srcset=\"https:\/\/www.mithieux.fr\/wp-content\/uploads\/2022\/01\/certification-IATF-Mithieux-768x512.jpg 768w, https:\/\/www.mithieux.fr\/wp-content\/uploads\/2022\/01\/certification-IATF-Mithieux-300x200.jpg 300w, https:\/\/www.mithieux.fr\/wp-content\/uploads\/2022\/01\/certification-IATF-Mithieux-18x12.jpg 18w, https:\/\/www.mithieux.fr\/wp-content\/uploads\/2022\/01\/certification-IATF-Mithieux.jpg 1024w\" sizes=\"(max-width: 768px) 100vw, 768px\" \/><\/div><\/a>\n\t\t\t\t<div class=\"elementor-post__text\">\n\t\t\t\t<h3 class=\"elementor-post__title\">\n\t\t\t<a href=\"https:\/\/www.mithieux.fr\/en\/2022\/01\/12\/certification-iatf\/\" >\n\t\t\t\tCertification qualit\u00e9 IATF : le nouveau challenge\t\t\t<\/a>\n\t\t<\/h3>\n\t\t\t\t<div class=\"elementor-post__excerpt\">\n\t\t\t<p>Toute l&rsquo;entreprise se mobilise pour passer la certification IATF 16\u00a0949\u00a0!<\/p>\n\t\t<\/div>\n\t\t\t\t<\/div>\n\t\t\t\t\t<\/div>\n\t\t<\/article>\n\t\t\t\t<article class=\"elementor-post elementor-grid-item post-1262 post type-post status-publish format-standard has-post-thumbnail hentry category-finition category-entreprise tag-brunissage tag-inox tag-traitement-vrac\" role=\"listitem\">\n\t\t\t<div class=\"elementor-post__card\">\n\t\t\t\t<a class=\"elementor-post__thumbnail__link\" href=\"https:\/\/www.mithieux.fr\/en\/2022\/01\/03\/brunissage-inox\/\" tabindex=\"-1\" ><div class=\"elementor-post__thumbnail\"><img loading=\"lazy\" decoding=\"async\" width=\"768\" height=\"1024\" src=\"https:\/\/www.mithieux.fr\/wp-content\/uploads\/2022\/01\/IMG_2524-768x1024.jpg\" class=\"attachment-medium_large size-medium_large wp-image-1264\" alt=\"\" srcset=\"https:\/\/www.mithieux.fr\/wp-content\/uploads\/2022\/01\/IMG_2524-768x1024.jpg 768w, https:\/\/www.mithieux.fr\/wp-content\/uploads\/2022\/01\/IMG_2524-225x300.jpg 225w, https:\/\/www.mithieux.fr\/wp-content\/uploads\/2022\/01\/IMG_2524-1152x1536.jpg 1152w, https:\/\/www.mithieux.fr\/wp-content\/uploads\/2022\/01\/IMG_2524-9x12.jpg 9w, https:\/\/www.mithieux.fr\/wp-content\/uploads\/2022\/01\/IMG_2524-rotated.jpg 1512w\" sizes=\"(max-width: 768px) 100vw, 768px\" \/><\/div><\/a>\n\t\t\t\t<div class=\"elementor-post__text\">\n\t\t\t\t<h3 class=\"elementor-post__title\">\n\t\t\t<a href=\"https:\/\/www.mithieux.fr\/en\/2022\/01\/03\/brunissage-inox\/\" >\n\t\t\t\tNouvelle finition brunissage inox\t\t\t<\/a>\n\t\t<\/h3>\n\t\t\t\t<div class=\"elementor-post__excerpt\">\n\t\t\t<p>Innovation industrielle pour bien d\u00e9marrer l&rsquo;ann\u00e9e 2022 : nouvelle finition de brunissage sur inox<\/p>\n\t\t<\/div>\n\t\t\t\t<\/div>\n\t\t\t\t\t<\/div>\n\t\t<\/article>\n\t\t\t\t<article class=\"elementor-post elementor-grid-item post-1117 post type-post status-publish format-standard has-post-thumbnail hentry category-entreprise tag-entreprise\" role=\"listitem\">\n\t\t\t<div class=\"elementor-post__card\">\n\t\t\t\t<a class=\"elementor-post__thumbnail__link\" href=\"https:\/\/www.mithieux.fr\/en\/2021\/12\/13\/le-grand-saut-innovation-vers-2022\/\" tabindex=\"-1\" ><div class=\"elementor-post__thumbnail\"><img loading=\"lazy\" decoding=\"async\" width=\"768\" height=\"366\" src=\"https:\/\/www.mithieux.fr\/wp-content\/uploads\/2021\/12\/Actualite-voeux-Mithieux-e1639394945960-768x366.jpg\" class=\"attachment-medium_large size-medium_large wp-image-1181\" alt=\"\" srcset=\"https:\/\/www.mithieux.fr\/wp-content\/uploads\/2021\/12\/Actualite-voeux-Mithieux-e1639394945960-768x366.jpg 768w, https:\/\/www.mithieux.fr\/wp-content\/uploads\/2021\/12\/Actualite-voeux-Mithieux-e1639394945960-300x143.jpg 300w, https:\/\/www.mithieux.fr\/wp-content\/uploads\/2021\/12\/Actualite-voeux-Mithieux-e1639394945960-1024x489.jpg 1024w, https:\/\/www.mithieux.fr\/wp-content\/uploads\/2021\/12\/Actualite-voeux-Mithieux-e1639394945960-1536x733.jpg 1536w, https:\/\/www.mithieux.fr\/wp-content\/uploads\/2021\/12\/Actualite-voeux-Mithieux-e1639394945960-18x9.jpg 18w, https:\/\/www.mithieux.fr\/wp-content\/uploads\/2021\/12\/Actualite-voeux-Mithieux-e1639394945960.jpg 1920w\" sizes=\"(max-width: 768px) 100vw, 768px\" \/><\/div><\/a>\n\t\t\t\t<div class=\"elementor-post__text\">\n\t\t\t\t<h3 class=\"elementor-post__title\">\n\t\t\t<a href=\"https:\/\/www.mithieux.fr\/en\/2021\/12\/13\/le-grand-saut-innovation-vers-2022\/\" >\n\t\t\t\tLe grand saut d&rsquo;innovation vers 2022\t\t\t<\/a>\n\t\t<\/h3>\n\t\t\t\t<div class=\"elementor-post__excerpt\">\n\t\t\t<p>Toute l\u2019\u00e9quipe de Mithieux Metal Protect vous souhaite de tr\u00e8s belles f\u00eates et un saut d&rsquo;innovation vers 2022 <\/p>\n\t\t<\/div>\n\t\t\t\t<\/div>\n\t\t\t\t\t<\/div>\n\t\t<\/article>\n\t\t\t\t<article class=\"elementor-post elementor-grid-item post-983 post type-post status-publish format-standard has-post-thumbnail hentry category-evenements category-le-marche tag-uits\" role=\"listitem\">\n\t\t\t<div class=\"elementor-post__card\">\n\t\t\t\t<a class=\"elementor-post__thumbnail__link\" href=\"https:\/\/www.mithieux.fr\/en\/2021\/10\/04\/uits-les-technologies-de-surface-sont-partout\/\" tabindex=\"-1\" ><div class=\"elementor-post__thumbnail\"><img loading=\"lazy\" decoding=\"async\" width=\"768\" height=\"431\" src=\"https:\/\/www.mithieux.fr\/wp-content\/uploads\/2021\/10\/Capture-de\u0301cran-2021-10-04-a\u0300-12.28.46-768x431.png\" class=\"attachment-medium_large size-medium_large wp-image-991\" alt=\"\" srcset=\"https:\/\/www.mithieux.fr\/wp-content\/uploads\/2021\/10\/Capture-de\u0301cran-2021-10-04-a\u0300-12.28.46-768x431.png 768w, https:\/\/www.mithieux.fr\/wp-content\/uploads\/2021\/10\/Capture-de\u0301cran-2021-10-04-a\u0300-12.28.46-300x168.png 300w, https:\/\/www.mithieux.fr\/wp-content\/uploads\/2021\/10\/Capture-de\u0301cran-2021-10-04-a\u0300-12.28.46-1024x574.png 1024w, https:\/\/www.mithieux.fr\/wp-content\/uploads\/2021\/10\/Capture-de\u0301cran-2021-10-04-a\u0300-12.28.46.png 1200w\" sizes=\"(max-width: 768px) 100vw, 768px\" \/><\/div><\/a>\n\t\t\t\t<div class=\"elementor-post__text\">\n\t\t\t\t<h3 class=\"elementor-post__title\">\n\t\t\t<a href=\"https:\/\/www.mithieux.fr\/en\/2021\/10\/04\/uits-les-technologies-de-surface-sont-partout\/\" >\n\t\t\t\tVid\u00e9o UITS : les technologies de surface sont partout !\t\t\t<\/a>\n\t\t<\/h3>\n\t\t\t\t<div class=\"elementor-post__excerpt\">\n\t\t\t<p>Nouvelle vid\u00e9o de l&rsquo;Union des Industries des Technologies de Surface sur notre m\u00e9tier<\/p>\n\t\t<\/div>\n\t\t\t\t<\/div>\n\t\t\t\t\t<\/div>\n\t\t<\/article>\n\t\t\t\t<article class=\"elementor-post elementor-grid-item post-1 post type-post status-publish format-standard has-post-thumbnail hentry category-entreprise\" role=\"listitem\">\n\t\t\t<div class=\"elementor-post__card\">\n\t\t\t\t<a class=\"elementor-post__thumbnail__link\" href=\"https:\/\/www.mithieux.fr\/en\/2021\/08\/28\/nouvelle-identite-pour-mithieux\/\" tabindex=\"-1\" ><div class=\"elementor-post__thumbnail\"><img loading=\"lazy\" decoding=\"async\" width=\"768\" height=\"258\" src=\"https:\/\/www.mithieux.fr\/wp-content\/uploads\/2021\/08\/panorama-batiment-projection-rectilineaire-768x258.jpg\" class=\"attachment-medium_large size-medium_large wp-image-236\" alt=\"Panorama b\u00e2timent Mithieux \u00e0 Chamb\u00e9ry\" srcset=\"https:\/\/www.mithieux.fr\/wp-content\/uploads\/2021\/08\/panorama-batiment-projection-rectilineaire-768x258.jpg 768w, https:\/\/www.mithieux.fr\/wp-content\/uploads\/2021\/08\/panorama-batiment-projection-rectilineaire-300x101.jpg 300w, https:\/\/www.mithieux.fr\/wp-content\/uploads\/2021\/08\/panorama-batiment-projection-rectilineaire-1024x344.jpg 1024w, https:\/\/www.mithieux.fr\/wp-content\/uploads\/2021\/08\/panorama-batiment-projection-rectilineaire-1536x516.jpg 1536w, https:\/\/www.mithieux.fr\/wp-content\/uploads\/2021\/08\/panorama-batiment-projection-rectilineaire.jpg 1920w\" sizes=\"(max-width: 768px) 100vw, 768px\" \/><\/div><\/a>\n\t\t\t\t<div class=\"elementor-post__text\">\n\t\t\t\t<h3 class=\"elementor-post__title\">\n\t\t\t<a href=\"https:\/\/www.mithieux.fr\/en\/2021\/08\/28\/nouvelle-identite-pour-mithieux\/\" >\n\t\t\t\tNouvelle identit\u00e9 pour Mithieux\t\t\t<\/a>\n\t\t<\/h3>\n\t\t\t\t<div class=\"elementor-post__excerpt\">\n\t\t\t<p>Mithieux devient Mithieux Metal Protect pour encore mieux vous servir !<\/p>\n\t\t<\/div>\n\t\t\t\t<\/div>\n\t\t\t\t\t<\/div>\n\t\t<\/article>\n\t\t\t\t<article class=\"elementor-post elementor-grid-item post-115 post type-post status-publish format-standard has-post-thumbnail hentry category-evenements category-entreprise\" role=\"listitem\">\n\t\t\t<div class=\"elementor-post__card\">\n\t\t\t\t<a class=\"elementor-post__thumbnail__link\" href=\"https:\/\/www.mithieux.fr\/en\/2021\/08\/28\/mithieux-global-industrie-2021\/\" tabindex=\"-1\" ><div class=\"elementor-post__thumbnail\"><img loading=\"lazy\" decoding=\"async\" width=\"768\" height=\"511\" src=\"https:\/\/www.mithieux.fr\/wp-content\/uploads\/2021\/08\/a526981b8c7b1fee9f8f6d42752b8c00-1-768x511.jpeg\" class=\"attachment-medium_large size-medium_large wp-image-823\" alt=\"Global Industrie\" srcset=\"https:\/\/www.mithieux.fr\/wp-content\/uploads\/2021\/08\/a526981b8c7b1fee9f8f6d42752b8c00-1-768x511.jpeg 768w, https:\/\/www.mithieux.fr\/wp-content\/uploads\/2021\/08\/a526981b8c7b1fee9f8f6d42752b8c00-1-300x200.jpeg 300w, https:\/\/www.mithieux.fr\/wp-content\/uploads\/2021\/08\/a526981b8c7b1fee9f8f6d42752b8c00-1-1024x681.jpeg 1024w, https:\/\/www.mithieux.fr\/wp-content\/uploads\/2021\/08\/a526981b8c7b1fee9f8f6d42752b8c00-1.jpeg 1500w\" sizes=\"(max-width: 768px) 100vw, 768px\" \/><\/div><\/a>\n\t\t\t\t<div class=\"elementor-post__text\">\n\t\t\t\t<h3 class=\"elementor-post__title\">\n\t\t\t<a href=\"https:\/\/www.mithieux.fr\/en\/2021\/08\/28\/mithieux-global-industrie-2021\/\" >\n\t\t\t\tGlobal Industrie 2021\t\t\t<\/a>\n\t\t<\/h3>\n\t\t\t\t<div class=\"elementor-post__excerpt\">\n\t\t\t<p>Apr\u00e8s plus d\u2019un an d\u2019attente, nous sommes ravis de vous retrouver \u00ab&nbsp;en vrai&nbsp;\u00bb sur le plus grand salon industriel de France \u00e0 Lyon, Global Industrie,<\/p>\n\t\t<\/div>\n\t\t\t\t<\/div>\n\t\t\t\t\t<\/div>\n\t\t<\/article>\n\t\t\t\t<article class=\"elementor-post elementor-grid-item post-117 post type-post status-publish format-standard has-post-thumbnail hentry category-entreprise\" role=\"listitem\">\n\t\t\t<div class=\"elementor-post__card\">\n\t\t\t\t<a class=\"elementor-post__thumbnail__link\" href=\"https:\/\/www.mithieux.fr\/en\/2021\/07\/21\/medaille-honneur-pour-plusieurs-salaries\/\" tabindex=\"-1\" ><div class=\"elementor-post__thumbnail\"><img loading=\"lazy\" decoding=\"async\" width=\"768\" height=\"512\" src=\"https:\/\/www.mithieux.fr\/wp-content\/uploads\/2021\/09\/IMG_9426-768x512.jpg\" class=\"attachment-medium_large size-medium_large wp-image-830\" alt=\"\u00e9quipe Mithieux\" srcset=\"https:\/\/www.mithieux.fr\/wp-content\/uploads\/2021\/09\/IMG_9426-768x512.jpg 768w, https:\/\/www.mithieux.fr\/wp-content\/uploads\/2021\/09\/IMG_9426-300x200.jpg 300w, https:\/\/www.mithieux.fr\/wp-content\/uploads\/2021\/09\/IMG_9426-1024x683.jpg 1024w, https:\/\/www.mithieux.fr\/wp-content\/uploads\/2021\/09\/IMG_9426-1536x1024.jpg 1536w, https:\/\/www.mithieux.fr\/wp-content\/uploads\/2021\/09\/IMG_9426.jpg 1920w\" sizes=\"(max-width: 768px) 100vw, 768px\" \/><\/div><\/a>\n\t\t\t\t<div class=\"elementor-post__text\">\n\t\t\t\t<h3 class=\"elementor-post__title\">\n\t\t\t<a href=\"https:\/\/www.mithieux.fr\/en\/2021\/07\/21\/medaille-honneur-pour-plusieurs-salaries\/\" >\n\t\t\t\tM\u00e9daille d\u2019honneur pour plusieurs salari\u00e9s\t\t\t<\/a>\n\t\t<\/h3>\n\t\t\t\t<div class=\"elementor-post__excerpt\">\n\t\t\t<p>Temps fort pour l&rsquo;\u00e9quipe Mithieux avec la reconnaissance des salari\u00e9s ayant le plus d&rsquo;anciennet\u00e9<\/p>\n\t\t<\/div>\n\t\t\t\t<\/div>\n\t\t\t\t\t<\/div>\n\t\t<\/article>\n\t\t\t\t<\/div>\n\t\t\n\t\t\t\t\t\t<\/div>\n\t\t\t\t<\/div>\n\t\t\t\t\t<\/div>\n\t\t<\/div>\n\t\t\t\t\t<\/div>\n\t\t<\/section>\n\t\t\t\t<\/div>\n\t\t","protected":false},"excerpt":{"rendered":"<p>Les nouvelles de l&rsquo;entreprise et du march\u00e9 Les actualit\u00e9s de Mithieux Metal Protect Retrouvez toutes les actualit\u00e9s de Mithieux Metal Protect, les \u00e9volutions et innovation du march\u00e9, les nouveaux traitements et services, nos offres d\u2019emploi, la vie de l\u2019entreprise et de nos salari\u00e9s. Et n\u2019h\u00e9sitez pas \u00e0 nous suivre sur Linkedin et YouTube ! Partagez, [&hellip;]<\/p>\n","protected":false},"author":1,"featured_media":0,"parent":0,"menu_order":0,"comment_status":"closed","ping_status":"closed","template":"","meta":{"footnotes":""},"class_list":["post-446","page","type-page","status-publish","hentry"],"yoast_head":"<!-- This site is optimized with the Yoast SEO plugin v27.5 - https:\/\/yoast.com\/product\/yoast-seo-wordpress\/ -->\n<title>Les actualit\u00e9s de Mithieux Metal Protect, entreprise industrielle anticorrosion pi\u00e8ces m\u00e9talliques<\/title>\n<meta name=\"description\" content=\"D\u00e9couvrez toutes les actualit\u00e9s de Mithieux Metal Protect : recrutement, nouveaux traitements et produits pour pi\u00e8ces industrielles automobile, transport, \u00e9lectronique, m\u00e9canique, BTP, ameublement\" \/>\n<meta name=\"robots\" content=\"index, follow, max-snippet:-1, max-image-preview:large, max-video-preview:-1\" \/>\n<link rel=\"canonical\" href=\"https:\/\/www.mithieux.fr\/en\/actualites-mithieux\/\" \/>\n<meta property=\"og:locale\" content=\"en_GB\" \/>\n<meta property=\"og:type\" content=\"article\" \/>\n<meta property=\"og:title\" content=\"Les actualit\u00e9s de Mithieux Metal Protect, entreprise industrielle anticorrosion pi\u00e8ces m\u00e9talliques\" \/>\n<meta property=\"og:description\" content=\"D\u00e9couvrez toutes les actualit\u00e9s de Mithieux Metal Protect : recrutement, nouveaux traitements et produits pour pi\u00e8ces industrielles automobile, transport, \u00e9lectronique, m\u00e9canique, BTP, ameublement\" \/>\n<meta property=\"og:url\" content=\"https:\/\/www.mithieux.fr\/en\/actualites-mithieux\/\" \/>\n<meta property=\"og:site_name\" content=\"Mithieux\" \/>\n<meta property=\"article:modified_time\" content=\"2025-06-04T10:15:02+00:00\" \/>\n<meta name=\"twitter:card\" content=\"summary_large_image\" \/>\n<meta name=\"twitter:label1\" content=\"Estimated reading time\" \/>\n\t<meta name=\"twitter:data1\" content=\"9 minutes\" \/>\n<script type=\"application\/ld+json\" class=\"yoast-schema-graph\">{\"@context\":\"https:\\\/\\\/schema.org\",\"@graph\":[{\"@type\":\"WebPage\",\"@id\":\"https:\\\/\\\/www.mithieux.fr\\\/actualites-mithieux\\\/\",\"url\":\"https:\\\/\\\/www.mithieux.fr\\\/actualites-mithieux\\\/\",\"name\":\"Les actualit\u00e9s de Mithieux Metal Protect, entreprise industrielle anticorrosion pi\u00e8ces m\u00e9talliques\",\"isPartOf\":{\"@id\":\"https:\\\/\\\/www.mithieux.fr\\\/#website\"},\"datePublished\":\"2021-08-28T19:33:54+00:00\",\"dateModified\":\"2025-06-04T10:15:02+00:00\",\"description\":\"D\u00e9couvrez toutes les actualit\u00e9s de Mithieux Metal Protect : recrutement, nouveaux traitements et produits pour pi\u00e8ces industrielles automobile, transport, \u00e9lectronique, m\u00e9canique, BTP, ameublement\",\"breadcrumb\":{\"@id\":\"https:\\\/\\\/www.mithieux.fr\\\/actualites-mithieux\\\/#breadcrumb\"},\"inLanguage\":\"en-GB\",\"potentialAction\":[{\"@type\":\"ReadAction\",\"target\":[\"https:\\\/\\\/www.mithieux.fr\\\/actualites-mithieux\\\/\"]}]},{\"@type\":\"BreadcrumbList\",\"@id\":\"https:\\\/\\\/www.mithieux.fr\\\/actualites-mithieux\\\/#breadcrumb\",\"itemListElement\":[{\"@type\":\"ListItem\",\"position\":1,\"name\":\"Accueil\",\"item\":\"https:\\\/\\\/www.mithieux.fr\\\/\"},{\"@type\":\"ListItem\",\"position\":2,\"name\":\"04 &#8211; Actualit\u00e9s\"}]},{\"@type\":\"WebSite\",\"@id\":\"https:\\\/\\\/www.mithieux.fr\\\/#website\",\"url\":\"https:\\\/\\\/www.mithieux.fr\\\/\",\"name\":\"Mithieux\",\"description\":\"\",\"publisher\":{\"@id\":\"https:\\\/\\\/www.mithieux.fr\\\/#organization\"},\"potentialAction\":[{\"@type\":\"SearchAction\",\"target\":{\"@type\":\"EntryPoint\",\"urlTemplate\":\"https:\\\/\\\/www.mithieux.fr\\\/?s={search_term_string}\"},\"query-input\":{\"@type\":\"PropertyValueSpecification\",\"valueRequired\":true,\"valueName\":\"search_term_string\"}}],\"inLanguage\":\"en-GB\"},{\"@type\":\"Organization\",\"@id\":\"https:\\\/\\\/www.mithieux.fr\\\/#organization\",\"name\":\"Mithieux\",\"url\":\"https:\\\/\\\/www.mithieux.fr\\\/\",\"logo\":{\"@type\":\"ImageObject\",\"inLanguage\":\"en-GB\",\"@id\":\"https:\\\/\\\/www.mithieux.fr\\\/#\\\/schema\\\/logo\\\/image\\\/\",\"url\":\"https:\\\/\\\/www.mithieux.fr\\\/wp-content\\\/uploads\\\/2021\\\/07\\\/mithieux-fondfonce-simplifie.svg\",\"contentUrl\":\"https:\\\/\\\/www.mithieux.fr\\\/wp-content\\\/uploads\\\/2021\\\/07\\\/mithieux-fondfonce-simplifie.svg\",\"caption\":\"Mithieux\"},\"image\":{\"@id\":\"https:\\\/\\\/www.mithieux.fr\\\/#\\\/schema\\\/logo\\\/image\\\/\"}}]}<\/script>\n<!-- \/ Yoast SEO plugin. -->","yoast_head_json":{"title":"Les actualit\u00e9s de Mithieux Metal Protect, entreprise industrielle anticorrosion pi\u00e8ces m\u00e9talliques","description":"D\u00e9couvrez toutes les actualit\u00e9s de Mithieux Metal Protect : recrutement, nouveaux traitements et produits pour pi\u00e8ces industrielles automobile, transport, \u00e9lectronique, m\u00e9canique, BTP, ameublement","robots":{"index":"index","follow":"follow","max-snippet":"max-snippet:-1","max-image-preview":"max-image-preview:large","max-video-preview":"max-video-preview:-1"},"canonical":"https:\/\/www.mithieux.fr\/en\/actualites-mithieux\/","og_locale":"en_GB","og_type":"article","og_title":"Les actualit\u00e9s de Mithieux Metal Protect, entreprise industrielle anticorrosion pi\u00e8ces m\u00e9talliques","og_description":"D\u00e9couvrez toutes les actualit\u00e9s de Mithieux Metal Protect : recrutement, nouveaux traitements et produits pour pi\u00e8ces industrielles automobile, transport, \u00e9lectronique, m\u00e9canique, BTP, ameublement","og_url":"https:\/\/www.mithieux.fr\/en\/actualites-mithieux\/","og_site_name":"Mithieux","article_modified_time":"2025-06-04T10:15:02+00:00","twitter_card":"summary_large_image","twitter_misc":{"Estimated reading time":"9 minutes"},"schema":{"@context":"https:\/\/schema.org","@graph":[{"@type":"WebPage","@id":"https:\/\/www.mithieux.fr\/actualites-mithieux\/","url":"https:\/\/www.mithieux.fr\/actualites-mithieux\/","name":"Les actualit\u00e9s de Mithieux Metal Protect, entreprise industrielle anticorrosion pi\u00e8ces m\u00e9talliques","isPartOf":{"@id":"https:\/\/www.mithieux.fr\/#website"},"datePublished":"2021-08-28T19:33:54+00:00","dateModified":"2025-06-04T10:15:02+00:00","description":"D\u00e9couvrez toutes les actualit\u00e9s de Mithieux Metal Protect : recrutement, nouveaux traitements et produits pour pi\u00e8ces industrielles automobile, transport, \u00e9lectronique, m\u00e9canique, BTP, ameublement","breadcrumb":{"@id":"https:\/\/www.mithieux.fr\/actualites-mithieux\/#breadcrumb"},"inLanguage":"en-GB","potentialAction":[{"@type":"ReadAction","target":["https:\/\/www.mithieux.fr\/actualites-mithieux\/"]}]},{"@type":"BreadcrumbList","@id":"https:\/\/www.mithieux.fr\/actualites-mithieux\/#breadcrumb","itemListElement":[{"@type":"ListItem","position":1,"name":"Accueil","item":"https:\/\/www.mithieux.fr\/"},{"@type":"ListItem","position":2,"name":"04 &#8211; Actualit\u00e9s"}]},{"@type":"WebSite","@id":"https:\/\/www.mithieux.fr\/#website","url":"https:\/\/www.mithieux.fr\/","name":"Mithieux","description":"","publisher":{"@id":"https:\/\/www.mithieux.fr\/#organization"},"potentialAction":[{"@type":"SearchAction","target":{"@type":"EntryPoint","urlTemplate":"https:\/\/www.mithieux.fr\/?s={search_term_string}"},"query-input":{"@type":"PropertyValueSpecification","valueRequired":true,"valueName":"search_term_string"}}],"inLanguage":"en-GB"},{"@type":"Organization","@id":"https:\/\/www.mithieux.fr\/#organization","name":"Mithieux","url":"https:\/\/www.mithieux.fr\/","logo":{"@type":"ImageObject","inLanguage":"en-GB","@id":"https:\/\/www.mithieux.fr\/#\/schema\/logo\/image\/","url":"https:\/\/www.mithieux.fr\/wp-content\/uploads\/2021\/07\/mithieux-fondfonce-simplifie.svg","contentUrl":"https:\/\/www.mithieux.fr\/wp-content\/uploads\/2021\/07\/mithieux-fondfonce-simplifie.svg","caption":"Mithieux"},"image":{"@id":"https:\/\/www.mithieux.fr\/#\/schema\/logo\/image\/"}}]}},"_links":{"self":[{"href":"https:\/\/www.mithieux.fr\/en\/wp-json\/wp\/v2\/pages\/446","targetHints":{"allow":["GET"]}}],"collection":[{"href":"https:\/\/www.mithieux.fr\/en\/wp-json\/wp\/v2\/pages"}],"about":[{"href":"https:\/\/www.mithieux.fr\/en\/wp-json\/wp\/v2\/types\/page"}],"author":[{"embeddable":true,"href":"https:\/\/www.mithieux.fr\/en\/wp-json\/wp\/v2\/users\/1"}],"replies":[{"embeddable":true,"href":"https:\/\/www.mithieux.fr\/en\/wp-json\/wp\/v2\/comments?post=446"}],"version-history":[{"count":26,"href":"https:\/\/www.mithieux.fr\/en\/wp-json\/wp\/v2\/pages\/446\/revisions"}],"predecessor-version":[{"id":2109,"href":"https:\/\/www.mithieux.fr\/en\/wp-json\/wp\/v2\/pages\/446\/revisions\/2109"}],"wp:attachment":[{"href":"https:\/\/www.mithieux.fr\/en\/wp-json\/wp\/v2\/media?parent=446"}],"curies":[{"name":"wp","href":"https:\/\/api.w.org\/{rel}","templated":true}]}}